
{"id":6489,"date":"2024-07-02T12:24:04","date_gmt":"2024-07-02T11:24:04","guid":{"rendered":"https:\/\/imeba.clinic\/?page_id=6489"},"modified":"2024-07-08T13:10:50","modified_gmt":"2024-07-08T12:10:50","slug":"ex-ff-fusion-facial","status":"publish","type":"page","link":"https:\/\/imeba.clinic\/de\/cabello\/ex-ff-fusion-facial\/","title":{"rendered":"IMEBA\u00ae EX FF FUSION FACIAL"},"content":{"rendered":"<div data-elementor-type=\"wp-page\" data-elementor-id=\"6489\" class=\"elementor elementor-6489\" data-elementor-post-type=\"page\">\n\t\t\t\t\t\t<section class=\"elementor-section elementor-top-section elementor-element elementor-element-289d7bc elementor-section-height-min-height elementor-section-boxed elementor-section-height-default elementor-section-items-middle\" data-id=\"289d7bc\" data-element_type=\"section\" data-settings=\"{&quot;background_background&quot;:&quot;classic&quot;,&quot;background_motion_fx_motion_fx_scrolling&quot;:&quot;yes&quot;,&quot;background_motion_fx_translateY_effect&quot;:&quot;yes&quot;,&quot;jet_parallax_layout_list&quot;:[],&quot;background_motion_fx_translateY_speed&quot;:{&quot;unit&quot;:&quot;px&quot;,&quot;size&quot;:4,&quot;sizes&quot;:[]},&quot;background_motion_fx_translateY_affectedRange&quot;:{&quot;unit&quot;:&quot;%&quot;,&quot;size&quot;:&quot;&quot;,&quot;sizes&quot;:{&quot;start&quot;:0,&quot;end&quot;:100}},&quot;background_motion_fx_devices&quot;:[&quot;desktop&quot;,&quot;tablet&quot;,&quot;mobile&quot;]}\">\n\t\t\t\t\t\t\t<div class=\"elementor-background-overlay\"><\/div>\n\t\t\t\t\t\t\t<div class=\"elementor-container elementor-column-gap-default\">\n\t\t\t\t\t<div class=\"elementor-column elementor-col-100 elementor-top-column elementor-element elementor-element-06d0c1e\" data-id=\"06d0c1e\" data-element_type=\"column\">\n\t\t\t<div class=\"elementor-widget-wrap elementor-element-populated\">\n\t\t\t\t\t\t<div class=\"elementor-element elementor-element-e136f19 elementor-widget elementor-widget-heading\" data-id=\"e136f19\" data-element_type=\"widget\" data-widget_type=\"heading.default\">\n\t\t\t\t\t<h5 class=\"elementor-heading-title elementor-size-default\">Haar<\/h5>\t\t\t\t<\/div>\n\t\t\t\t\t<\/div>\n\t\t<\/div>\n\t\t\t\t\t<\/div>\n\t\t<\/section>\n\t\t\t\t<section class=\"elementor-section elementor-top-section elementor-element elementor-element-3e4bdfe elementor-section-boxed elementor-section-height-default elementor-section-height-default\" data-id=\"3e4bdfe\" data-element_type=\"section\" data-settings=\"{&quot;jet_parallax_layout_list&quot;:[]}\">\n\t\t\t\t\t\t<div class=\"elementor-container elementor-column-gap-default\">\n\t\t\t\t\t<div class=\"elementor-column elementor-col-50 elementor-top-column elementor-element elementor-element-23e127e\" data-id=\"23e127e\" data-element_type=\"column\">\n\t\t\t<div class=\"elementor-widget-wrap elementor-element-populated\">\n\t\t\t\t\t\t<div class=\"elementor-element elementor-element-89035b2 elementor-widget elementor-widget-image\" data-id=\"89035b2\" data-element_type=\"widget\" data-widget_type=\"image.default\">\n\t\t\t\t\t\t\t\t\t\t\t\t\t\t\t<img fetchpriority=\"high\" decoding=\"async\" width=\"800\" height=\"600\" src=\"https:\/\/imeba.clinic\/wp-content\/uploads\/2024\/07\/retouch-gold-maih-image-1024x768-1.jpg\" class=\"attachment-large size-large wp-image-6491\" alt=\"\" srcset=\"https:\/\/imeba.clinic\/wp-content\/uploads\/2024\/07\/retouch-gold-maih-image-1024x768-1.jpg 900w, https:\/\/imeba.clinic\/wp-content\/uploads\/2024\/07\/retouch-gold-maih-image-1024x768-1-300x225.jpg 300w, https:\/\/imeba.clinic\/wp-content\/uploads\/2024\/07\/retouch-gold-maih-image-1024x768-1-150x113.jpg 150w, https:\/\/imeba.clinic\/wp-content\/uploads\/2024\/07\/retouch-gold-maih-image-1024x768-1-768x576.jpg 768w, https:\/\/imeba.clinic\/wp-content\/uploads\/2024\/07\/retouch-gold-maih-image-1024x768-1-16x12.jpg 16w\" sizes=\"(max-width: 800px) 100vw, 800px\" \/>\t\t\t\t\t\t\t\t\t\t\t\t\t\t\t<\/div>\n\t\t\t\t<div class=\"elementor-element elementor-element-c14faed elementor-widget elementor-widget-heading\" data-id=\"c14faed\" data-element_type=\"widget\" data-widget_type=\"heading.default\">\n\t\t\t\t\t<h2 class=\"elementor-heading-title elementor-size-default\">IMEBA\u00aeEX FF FUSION FACIAL<br><br>What Kim can do, you can do.<br>Die neue Behandlung von Kim Kardashian. <br><\/h2>\t\t\t\t<\/div>\n\t\t\t\t<div class=\"elementor-element elementor-element-0b7b348 elementor-widget elementor-widget-text-editor\" data-id=\"0b7b348\" data-element_type=\"widget\" data-widget_type=\"text-editor.default\">\n\t\t\t\t\t\t\t\t\t<p>FRAKTIONIERTES RESURFACING MIT MIKRONADELN UND EXOSOMEN: DIE VERBINDUNG VON TECHNOLOGIE UND REGENERATIVER MEDIZIN ZUR VERBESSERUNG UNSERER HAUT.<\/p><p><span style=\"color: var( --e-global-color-secondary ); font-family: var( --e-global-typography-9ecb02f-font-family ), Sans-serif; font-size: var( --e-global-typography-9ecb02f-font-size ); font-weight: var( --e-global-typography-9ecb02f-font-weight ); letter-spacing: var( --e-global-typography-9ecb02f-letter-spacing ); word-spacing: var( --e-global-typography-9ecb02f-word-spacing );\">Die EX FF FUSION GESICHT Behandlung ist Microneedling und Radiofrequenz (IMEBA\u00ae OYA) in Kombination mit der IMEBA\u00ae EX-Behandlung, Stammzellen\/Exosomen-Therapie.\u00a0<\/span><\/p><p>FRAKTIONIERTE RADIOFREQUENZ-BEHANDLUNG MIT MICRONEEDLING<\/p><p>Die fraktionierte Radiofrequenz mit Mikronadeln hat sich als eine der besten Behandlungen zur Verbesserung der Hautstraffung und -textur (Facial Resurfacing) etabliert.<\/p><p><span style=\"color: var( --e-global-color-secondary ); font-family: var( --e-global-typography-9ecb02f-font-family ), Sans-serif; font-size: var( --e-global-typography-9ecb02f-font-size ); font-weight: var( --e-global-typography-9ecb02f-font-weight ); letter-spacing: var( --e-global-typography-9ecb02f-letter-spacing ); word-spacing: var( --e-global-typography-9ecb02f-word-spacing );\">Viele dieser Ger\u00e4te sind hervorragend und verbessern die Straffung und Textur der Haut.<\/span><\/p><p><span style=\"color: var( --e-global-color-secondary ); font-family: var( --e-global-typography-9ecb02f-font-family ), Sans-serif; font-size: var( --e-global-typography-9ecb02f-font-size ); font-weight: var( --e-global-typography-9ecb02f-font-weight ); letter-spacing: var( --e-global-typography-9ecb02f-letter-spacing ); word-spacing: var( --e-global-typography-9ecb02f-word-spacing );\">Die bekanntesten und effektivsten haben Applikatorger\u00e4te mit 25 Mikronadeln und geben fraktionierte Impulse ab, um eine gleichm\u00e4\u00dfige Erw\u00e4rmung der Haut zu erreichen und eine ausreichende Tiefe zu erzielen.<\/span><\/p><p><span style=\"color: var( --e-global-color-secondary ); font-family: var( --e-global-typography-9ecb02f-font-family ), Sans-serif; font-size: var( --e-global-typography-9ecb02f-font-size ); font-weight: var( --e-global-typography-9ecb02f-font-weight ); letter-spacing: var( --e-global-typography-9ecb02f-letter-spacing ); word-spacing: var( --e-global-typography-9ecb02f-word-spacing );\">\u00bfWARUM IMEBA\u00ae OYA?<\/span><\/p><p>Die IMEBA\u00ae OYA-Mikronadeln sind nicht isoliert und vollst\u00e4ndig vergoldet, was der beste Leiter ist, im Gegensatz zu anderen bekannten Ger\u00e4ten, deren Nadeln isoliert sind und die Radiofrequenz nur an der Spitze abgeben. Daher wirken andere Ger\u00e4te nur auf tiefe Schichten, w\u00e4hrend IMEBA\u00ae OYA auf alle Hautschichten wirkt. Wenn wir also neben der Hautstraffung auch die Textur verbessern wollen (z. B. bei Aknenarben oder Falten), ist es ideal, auf alle Hautschichten einzuwirken, sowohl auf tiefe als auch auf oberfl\u00e4chliche.<\/p><p>Au\u00dferdem denken wir bei Cl\u00ednicas IMEBA\u00ae immer an das Wohlbefinden und den Komfort unserer Patienten, und mit IMEBA\u00ae OYA ist keine Erholungszeit erforderlich, und Sie k\u00f6nnen bereits am Tag nach der Behandlung wieder Ihren t\u00e4glichen Aktivit\u00e4ten nachgehen.<\/p><h2 style=\"margin-bottom: 0.21cm; color: #000000;\"><span style=\"color: #323232;\"><span style=\"font-family: Arial Hebrew;\"><span style=\"font-size: 13pt;\"><b>EXOSOMEN-BEHANDLUNG<\/b><\/span><\/span><\/span><\/h2><p style=\"margin-bottom: 0cm; color: #000000; font-size: medium;\"><span style=\"color: #323232;\"><span style=\"font-family: Arial Hebrew;\"><span style=\"font-size: 13pt;\">Para completar el tratamiento con IMEBA\u00ae OYA, se puede incluir la\u00a0<\/span><\/span><\/span><strong><span style=\"color: #323232;\"><span style=\"font-family: Arial Hebrew;\"><span style=\"font-size: 13pt;\">aplicaci\u00f3n de exosomas<\/span><\/span><\/span><\/strong><span style=\"color: #323232;\"><span style=\"font-family: Arial Hebrew;\"><span style=\"font-size: 13pt;\">\u00a0espec\u00edficos para la piel durante la sesi\u00f3n. Los exosomas son el resultado de la evoluci\u00f3n de la investigaci\u00f3n en Medicina Regenerativa. Contienen microARN, prote\u00ednas y l\u00edpidos y act\u00faan como peque\u00f1os portadores de estos paquetes de informaci\u00f3n que pueden as\u00ed viajar a otras c\u00e9lulas y entregar la informaci\u00f3n.<\/span><\/span><\/span><\/p><p style=\"margin-bottom: 0.26cm; color: #000000; font-size: medium;\"><span style=\"color: #323232;\"><span style=\"font-family: Arial Hebrew;\"><span style=\"font-size: 13pt;\">Los exosomas, espec\u00edficos para la piel, se fusionan con las c\u00e9lulas facilitando la transferencia de paquetes de informaci\u00f3n que influyen en el comportamiento y las funciones de cada una.<\/span><\/span><\/span><\/p><p style=\"margin-bottom: 0.26cm; color: #000000; font-size: medium;\"><span style=\"color: #323232;\">\u00a0<\/span><\/p><h2 style=\"margin-bottom: 0.26cm; color: #000000; margin-top: 0.51cm; line-height: 1.65px;\"><span style=\"color: #323232;\"><span style=\"font-family: Arial Hebrew;\"><span style=\"font-size: 13pt;\"><b>VORTEILE DER EXOSOMEN-BEHANDLUNG<\/b><\/span><\/span><\/span><\/h2><p>\u00a0<\/p><p style=\"margin-bottom: 0cm; color: #000000; font-size: medium;\"><span style=\"color: #323232;\"><span style=\"font-family: Arial Hebrew;\"><span style=\"font-size: 13pt;\">Algunos\u00a0<\/span><\/span><\/span><strong><span style=\"color: #323232;\"><span style=\"font-family: Arial Hebrew;\"><span style=\"font-size: 13pt;\">beneficios de nuestros exosomas E-50<\/span><\/span><\/span><\/strong><span style=\"color: #323232;\"><span style=\"font-family: Arial Hebrew;\"><span style=\"font-size: 13pt;\">\u00a0para la piel son:<\/span><\/span><\/span><\/p><ol style=\"color: #000000; font-size: medium;\"><li><p style=\"margin-bottom: 0.26cm;\"><span style=\"color: #323232;\"><span style=\"font-family: Arial Hebrew;\"><span style=\"font-size: 13pt;\">Acelerar la regeneraci\u00f3n de tejidos.<\/span><\/span><\/span><\/p><\/li><li><p style=\"margin-bottom: 0.26cm;\"><span style=\"color: #323232;\"><span style=\"font-family: Arial Hebrew;\"><span style=\"font-size: 13pt;\">Regulaci\u00f3n de la inflamaci\u00f3n y la respuesta inmune.<\/span><\/span><\/span><\/p><\/li><li><p style=\"margin-bottom: 0.26cm;\"><span style=\"color: #323232;\"><span style=\"font-family: Arial Hebrew;\"><span style=\"font-size: 13pt;\">Promoci\u00f3n de la maduraci\u00f3n temprana de las heridas.<\/span><\/span><\/span><\/p><\/li><li><p style=\"margin-bottom: 0.26cm;\"><span style=\"color: #323232;\"><span style=\"font-family: Arial Hebrew;\"><span style=\"font-size: 13pt;\">Aliviar las l\u00edneas finas y las arrugas.<\/span><\/span><\/span><\/p><\/li><li><p style=\"margin-bottom: 0.26cm;\"><span style=\"color: #323232;\"><span style=\"font-family: Arial Hebrew;\"><span style=\"font-size: 13pt;\">Reafirmar la piel fl\u00e1cida y envejecida.<\/span><\/span><\/span><\/p><\/li><li><p style=\"margin-bottom: 0.26cm;\"><span style=\"color: #323232;\"><span style=\"font-family: Arial Hebrew;\"><span style=\"font-size: 13pt;\">Hidratar y promover una piel sana.<\/span><\/span><\/span><\/p><\/li><li><p style=\"margin-bottom: 0.26cm;\"><span style=\"color: #323232;\"><span style=\"font-family: Arial Hebrew;\"><span style=\"font-size: 13pt;\">Mejorar el tono y la textura de la piel.<\/span><\/span><\/span><\/p><\/li><li><p style=\"margin-bottom: 0cm;\"><span style=\"color: #323232;\"><span style=\"font-family: Arial Hebrew;\"><span style=\"font-size: 13pt;\">Atenuar las manchas de la piel.<\/span><\/span><\/span><\/p><\/li><\/ol><h2 style=\"margin-bottom: 0.21cm; color: #000000;\"><span style=\"font-size: medium; font-family: var( --e-global-typography-9ecb02f-font-family ), Sans-serif; font-weight: var( --e-global-typography-9ecb02f-font-weight ); letter-spacing: var( --e-global-typography-9ecb02f-letter-spacing ); word-spacing: var( --e-global-typography-9ecb02f-word-spacing ); color: #323232;\"><span style=\"font-family: Arial Hebrew;\"><span style=\"font-size: 13pt;\">En definitiva, los exosomas, adem\u00e1s de acelerar la recuperaci\u00f3n de la piel tras cada sesi\u00f3n de radiofrecuencia fraccionada con microagujas,\u00a0<\/span><\/span><\/span><strong style=\"font-size: medium; font-family: var( --e-global-typography-9ecb02f-font-family ), Sans-serif; letter-spacing: var( --e-global-typography-9ecb02f-letter-spacing ); word-spacing: var( --e-global-typography-9ecb02f-word-spacing );\"><span style=\"color: #323232;\"><span style=\"font-family: Arial Hebrew;\"><span style=\"font-size: 13pt;\">multiplican sus efectos<\/span><\/span><\/span><\/strong><span style=\"font-size: medium; font-family: var( --e-global-typography-9ecb02f-font-family ), Sans-serif; font-weight: var( --e-global-typography-9ecb02f-font-weight ); letter-spacing: var( --e-global-typography-9ecb02f-letter-spacing ); word-spacing: var( --e-global-typography-9ecb02f-word-spacing ); color: #323232;\"><span style=\"font-family: Arial Hebrew;\"><span style=\"font-size: 13pt;\">\u00a0beneficiosos en el Resurfacing facial consiguiendo mejorar los resultados por el efecto sin\u00e9rgico entre ambos tratamientos.<\/span><\/span><\/span>\u00a0<\/h2><div><span style=\"font-weight: bolder; color: var(--e-global-color-secondary); font-family: var(--e-global-typography-9ecb02f-font-family),Sans-serif; font-size: var(--e-global-typography-9ecb02f-font-size);\"><br \/><\/span>An\u00e4sthesie: lokal, 30 Minuten<\/div><p>Tratamiento: 30 minutos<\/p><div><span style=\"font-weight: bolder; color: var(--e-global-color-secondary); font-family: var(--e-global-typography-9ecb02f-font-family),Sans-serif; font-size: var(--e-global-typography-9ecb02f-font-size);\">Preis:\u00a0<\/span><\/div><div style=\"box-sizing: border-box; --flex-direction: initial; --flex-wrap: initial; --justify-content: initial; --align-items: initial; --align-content: initial; --gap: initial; --flex-basis: initial; --flex-grow: initial; --flex-shrink: initial; --order: initial; --align-self: initial; flex-basis: var(--flex-basis); flex-grow: var(--flex-grow); flex-shrink: var(--flex-shrink); order: var(--order); align-self: var(--align-self); flex-direction: var(--flex-direction); flex-wrap: var(--flex-wrap); justify-content: var(--justify-content); align-items: var(--align-items); align-content: var(--align-content); gap: var(--gap); position: relative; --swiper-theme-color: #000; --swiper-navigation-size: 44px; --swiper-pagination-bullet-size: 6px; --swiper-pagination-bullet-horizontal-gap: 6px; --widgets-spacing: 20px 20px; width: 777.484px; margin-bottom: 20px; margin-block-end: 20px; text-align: justify; color: var(--e-global-color-secondary); font-family: var(--e-global-typography-9ecb02f-font-family),Sans-serif; font-size: var(--e-global-typography-9ecb02f-font-size); font-weight: 400; line-height: var(--e-global-typography-9ecb02f-line-height); letter-spacing: normal; word-spacing: 0px; font-style: normal; font-variant-ligatures: normal; font-variant-caps: normal; orphans: 2; text-indent: 0px; text-transform: none; widows: 2; -webkit-text-stroke-width: 0px; white-space: normal; background-color: #ffffff; text-decoration-thickness: initial; text-decoration-style: initial; text-decoration-color: initial;\" data-id=\"72a76db\" data-element_type=\"widget\" data-widget_type=\"text-editor.default\"><div style=\"box-sizing: border-box; transition: background .3s,border .3s,border-radius .3s,box-shadow .3s,transform var(--e-transform-transition-duration,.4s);\"><p style=\"text-align: start;\"><span style=\"font-weight: bolder;\">1 Sitzung\u00a0 \u00a0 \u00a0 \u00a0 \u00a0 \u00a0399\u20ac\/komplett\u00a0<\/span><\/p><p style=\"text-align: start;\"><span style=\"font-weight: bolder;\">3 Sitzungen\u00a0 \u00a0 1.111\u20ac\/komplett<\/span><\/p><\/div><\/div>\t\t\t\t\t\t\t\t<\/div>\n\t\t\t\t\t<\/div>\n\t\t<\/div>\n\t\t\t\t<div class=\"elementor-column elementor-col-50 elementor-top-column elementor-element elementor-element-f3eda9d\" data-id=\"f3eda9d\" data-element_type=\"column\">\n\t\t\t<div class=\"elementor-widget-wrap elementor-element-populated\">\n\t\t\t\t\t\t<section class=\"elementor-section elementor-inner-section elementor-element elementor-element-010393d elementor-section-boxed elementor-section-height-default elementor-section-height-default\" data-id=\"010393d\" data-element_type=\"section\" data-settings=\"{&quot;background_background&quot;:&quot;classic&quot;,&quot;sticky&quot;:&quot;top&quot;,&quot;sticky_offset&quot;:120,&quot;sticky_parent&quot;:&quot;yes&quot;,&quot;jet_parallax_layout_list&quot;:[],&quot;sticky_on&quot;:[&quot;desktop&quot;,&quot;tablet&quot;,&quot;mobile&quot;],&quot;sticky_effects_offset&quot;:0,&quot;sticky_anchor_link_offset&quot;:0}\">\n\t\t\t\t\t\t<div class=\"elementor-container elementor-column-gap-default\">\n\t\t\t\t\t<div class=\"elementor-column elementor-col-100 elementor-inner-column elementor-element elementor-element-1e95efd\" data-id=\"1e95efd\" data-element_type=\"column\">\n\t\t\t<div class=\"elementor-widget-wrap elementor-element-populated\">\n\t\t\t\t\t\t<div class=\"elementor-element elementor-element-90ae0f1 elementor-widget elementor-widget-heading\" data-id=\"90ae0f1\" data-element_type=\"widget\" data-widget_type=\"heading.default\">\n\t\t\t\t\t<h2 class=\"elementor-heading-title elementor-size-default\">Preise<\/h2>\t\t\t\t<\/div>\n\t\t\t\t<div class=\"elementor-element elementor-element-cb05dd9 Price elementor-widget elementor-widget-heading\" data-id=\"cb05dd9\" data-element_type=\"widget\" data-widget_type=\"heading.default\">\n\t\t\t\t\t<h2 class=\"elementor-heading-title elementor-size-default\">399\u20ac<span>\/ Sitzung<\/span><\/h2>\t\t\t\t<\/div>\n\t\t\t\t<div class=\"elementor-element elementor-element-99fa183 elementor-widget-divider--view-line elementor-widget elementor-widget-divider\" data-id=\"99fa183\" data-element_type=\"widget\" data-widget_type=\"divider.default\">\n\t\t\t\t\t\t\t<div class=\"elementor-divider\">\n\t\t\t<span class=\"elementor-divider-separator\">\n\t\t\t\t\t\t<\/span>\n\t\t<\/div>\n\t\t\t\t\t\t<\/div>\n\t\t\t\t<div class=\"elementor-element elementor-element-521989b Price elementor-widget elementor-widget-heading\" data-id=\"521989b\" data-element_type=\"widget\" data-widget_type=\"heading.default\">\n\t\t\t\t\t<h2 class=\"elementor-heading-title elementor-size-default\">1.111\u20ac<span>\/ 3 Sitzungen<\/span><\/h2>\t\t\t\t<\/div>\n\t\t\t\t<div class=\"elementor-element elementor-element-7cd161d elementor-widget elementor-widget-text-editor\" data-id=\"7cd161d\" data-element_type=\"widget\" data-widget_type=\"text-editor.default\">\n\t\t\t\t\t\t\t\t\t<p>Sie k\u00f6nnen uns auch eine Nachricht per WhatsApp senden.<\/p>\t\t\t\t\t\t\t\t<\/div>\n\t\t\t\t<div class=\"elementor-element elementor-element-5f41b58 elementor-mobile-align-justify elementor-widget-mobile__width-inherit elementor-tablet-align-justify elementor-widget-tablet__width-inherit elementor-align-justify elementor-widget elementor-widget-button\" data-id=\"5f41b58\" data-element_type=\"widget\" data-widget_type=\"button.default\">\n\t\t\t\t\t\t\t\t\t\t<a class=\"elementor-button elementor-button-link elementor-size-sm\" href=\"https:\/\/api.whatsapp.com\/send?phone=34653620509&#038;text=Hola%20Cl%C3%ADnicas%20IMEBA,%20ponte%20en%20contacto%20conmigo.%20(Alopecia)%20Muchas%20gracias.%20\">\n\t\t\t\t\t\t<span class=\"elementor-button-content-wrapper\">\n\t\t\t\t\t\t\t\t\t<span class=\"elementor-button-text\">JETZT BUCHEN<\/span>\n\t\t\t\t\t<\/span>\n\t\t\t\t\t<\/a>\n\t\t\t\t\t\t\t\t<\/div>\n\t\t\t\t\t<\/div>\n\t\t<\/div>\n\t\t\t\t\t<\/div>\n\t\t<\/section>\n\t\t\t\t\t<\/div>\n\t\t<\/div>\n\t\t\t\t\t<\/div>\n\t\t<\/section>\n\t\t\t\t<\/div>","protected":false},"excerpt":{"rendered":"<p>Cabello IMEBA\u00aeEX FF FUSION FACIAL What Kim can do, you can do.El nuevo tratamiento de Kim Kardashian. RESURFACING FRACCIONADO CON MICROAGUJAS Y EXOSOMAS: LA ALIANZA DE LA TECNOLOG\u00cdA Y LA MEDICINA REGENERATIVA PARA MEJORAR NUESTRA PIEL. El tratamiento de EX FF FUSION FACIAL es Microneedling y Radiofrecuencia (IMEBA\u00ae OYA) y el tratamiento de IMEBA\u00ae EX, [&hellip;]<\/p>","protected":false},"author":2,"featured_media":1172,"parent":1162,"menu_order":0,"comment_status":"closed","ping_status":"closed","template":"elementor_header_footer","meta":{"footnotes":""},"class_list":["post-6489","page","type-page","status-publish","has-post-thumbnail","hentry"],"yoast_head":"<!-- This site is optimized with the Yoast SEO plugin v25.8 - https:\/\/yoast.com\/wordpress\/plugins\/seo\/ -->\n<title>IMEBA\u00ae EX FF FUSION FACIAL - Clinicas IMEBA\u00ae<\/title>\n<meta name=\"robots\" content=\"index, follow, max-snippet:-1, max-image-preview:large, max-video-preview:-1\" \/>\n<link rel=\"canonical\" href=\"https:\/\/imeba.clinic\/de\/cabello\/ex-ff-fusion-facial\/\" \/>\n<meta property=\"og:locale\" content=\"de_DE\" \/>\n<meta property=\"og:type\" content=\"article\" \/>\n<meta property=\"og:title\" content=\"IMEBA\u00ae EX FF FUSION FACIAL - Clinicas IMEBA\u00ae\" \/>\n<meta property=\"og:description\" content=\"Cabello IMEBA\u00aeEX FF FUSION FACIAL What Kim can do, you can do.El nuevo tratamiento de Kim Kardashian. RESURFACING FRACCIONADO CON MICROAGUJAS Y EXOSOMAS: LA ALIANZA DE LA TECNOLOG\u00cdA Y LA MEDICINA REGENERATIVA PARA MEJORAR NUESTRA PIEL. El tratamiento de EX FF FUSION FACIAL es Microneedling y Radiofrecuencia (IMEBA\u00ae OYA) y el tratamiento de IMEBA\u00ae EX, [&hellip;]\" \/>\n<meta property=\"og:url\" content=\"https:\/\/imeba.clinic\/de\/cabello\/ex-ff-fusion-facial\/\" \/>\n<meta property=\"og:site_name\" content=\"Clinicas IMEBA\u00ae\" \/>\n<meta property=\"article:publisher\" content=\"https:\/\/www.facebook.com\/clinicasimebamallorca\" \/>\n<meta property=\"article:modified_time\" content=\"2024-07-08T12:10:50+00:00\" \/>\n<meta property=\"og:image\" content=\"http:\/\/imeba.clinic\/wp-content\/uploads\/2023\/01\/PRP-Capilar.jpg\" \/>\n\t<meta property=\"og:image:width\" content=\"2000\" \/>\n\t<meta property=\"og:image:height\" content=\"1334\" \/>\n\t<meta property=\"og:image:type\" content=\"image\/jpeg\" \/>\n<meta name=\"twitter:card\" content=\"summary_large_image\" \/>\n<meta name=\"twitter:site\" content=\"@IMEBAInfo\" \/>\n<meta name=\"twitter:label1\" content=\"Gesch\u00e4tzte Lesezeit\" \/>\n\t<meta name=\"twitter:data1\" content=\"3\u00a0Minuten\" \/>\n<script type=\"application\/ld+json\" class=\"yoast-schema-graph\">{\"@context\":\"https:\/\/schema.org\",\"@graph\":[{\"@type\":\"WebPage\",\"@id\":\"https:\/\/imeba.clinic\/cabello\/ex-ff-fusion-facial\/\",\"url\":\"https:\/\/imeba.clinic\/cabello\/ex-ff-fusion-facial\/\",\"name\":\"IMEBA\u00ae EX FF FUSION FACIAL - Clinicas IMEBA\u00ae\",\"isPartOf\":{\"@id\":\"https:\/\/imeba.clinic\/#website\"},\"primaryImageOfPage\":{\"@id\":\"https:\/\/imeba.clinic\/cabello\/ex-ff-fusion-facial\/#primaryimage\"},\"image\":{\"@id\":\"https:\/\/imeba.clinic\/cabello\/ex-ff-fusion-facial\/#primaryimage\"},\"thumbnailUrl\":\"https:\/\/imeba.clinic\/wp-content\/uploads\/2023\/01\/PRP-Capilar.jpg\",\"datePublished\":\"2024-07-02T11:24:04+00:00\",\"dateModified\":\"2024-07-08T12:10:50+00:00\",\"breadcrumb\":{\"@id\":\"https:\/\/imeba.clinic\/cabello\/ex-ff-fusion-facial\/#breadcrumb\"},\"inLanguage\":\"de\",\"potentialAction\":[{\"@type\":\"ReadAction\",\"target\":[\"https:\/\/imeba.clinic\/cabello\/ex-ff-fusion-facial\/\"]}]},{\"@type\":\"ImageObject\",\"inLanguage\":\"de\",\"@id\":\"https:\/\/imeba.clinic\/cabello\/ex-ff-fusion-facial\/#primaryimage\",\"url\":\"https:\/\/imeba.clinic\/wp-content\/uploads\/2023\/01\/PRP-Capilar.jpg\",\"contentUrl\":\"https:\/\/imeba.clinic\/wp-content\/uploads\/2023\/01\/PRP-Capilar.jpg\",\"width\":2000,\"height\":1334},{\"@type\":\"BreadcrumbList\",\"@id\":\"https:\/\/imeba.clinic\/cabello\/ex-ff-fusion-facial\/#breadcrumb\",\"itemListElement\":[{\"@type\":\"ListItem\",\"position\":1,\"name\":\"Portada\",\"item\":\"https:\/\/imeba.clinic\/\"},{\"@type\":\"ListItem\",\"position\":2,\"name\":\"Cabello\",\"item\":\"https:\/\/imeba.clinic\/cabello\/\"},{\"@type\":\"ListItem\",\"position\":3,\"name\":\"IMEBA\u00ae EX FF FUSION FACIAL\"}]},{\"@type\":\"WebSite\",\"@id\":\"https:\/\/imeba.clinic\/#website\",\"url\":\"https:\/\/imeba.clinic\/\",\"name\":\"Clinicas IMEBA\u00ae\",\"description\":\"Medicina estetica cirugia facial\",\"publisher\":{\"@id\":\"https:\/\/imeba.clinic\/#organization\"},\"potentialAction\":[{\"@type\":\"SearchAction\",\"target\":{\"@type\":\"EntryPoint\",\"urlTemplate\":\"https:\/\/imeba.clinic\/?s={search_term_string}\"},\"query-input\":{\"@type\":\"PropertyValueSpecification\",\"valueRequired\":true,\"valueName\":\"search_term_string\"}}],\"inLanguage\":\"de\"},{\"@type\":\"Organization\",\"@id\":\"https:\/\/imeba.clinic\/#organization\",\"name\":\"Clinicas IMEBA\u00ae\",\"url\":\"https:\/\/imeba.clinic\/\",\"logo\":{\"@type\":\"ImageObject\",\"inLanguage\":\"de\",\"@id\":\"https:\/\/imeba.clinic\/#\/schema\/logo\/image\/\",\"url\":\"https:\/\/imeba.clinic\/wp-content\/uploads\/2023\/01\/cropped-11722351_740325796094007_2206264894896353109_o.jpg\",\"contentUrl\":\"https:\/\/imeba.clinic\/wp-content\/uploads\/2023\/01\/cropped-11722351_740325796094007_2206264894896353109_o.jpg\",\"width\":1221,\"height\":349,\"caption\":\"Clinicas IMEBA\u00ae\"},\"image\":{\"@id\":\"https:\/\/imeba.clinic\/#\/schema\/logo\/image\/\"},\"sameAs\":[\"https:\/\/www.facebook.com\/clinicasimebamallorca\",\"https:\/\/x.com\/IMEBAInfo\",\"https:\/\/www.youtube.com\/@TorstenMarin\"]}]}<\/script>\n<!-- \/ Yoast SEO plugin. -->","yoast_head_json":{"title":"IMEBA\u00ae EX FF FUSION FACIAL - Clinicas IMEBA\u00ae","robots":{"index":"index","follow":"follow","max-snippet":"max-snippet:-1","max-image-preview":"max-image-preview:large","max-video-preview":"max-video-preview:-1"},"canonical":"https:\/\/imeba.clinic\/de\/cabello\/ex-ff-fusion-facial\/","og_locale":"de_DE","og_type":"article","og_title":"IMEBA\u00ae EX FF FUSION FACIAL - Clinicas IMEBA\u00ae","og_description":"Cabello IMEBA\u00aeEX FF FUSION FACIAL What Kim can do, you can do.El nuevo tratamiento de Kim Kardashian. RESURFACING FRACCIONADO CON MICROAGUJAS Y EXOSOMAS: LA ALIANZA DE LA TECNOLOG\u00cdA Y LA MEDICINA REGENERATIVA PARA MEJORAR NUESTRA PIEL. El tratamiento de EX FF FUSION FACIAL es Microneedling y Radiofrecuencia (IMEBA\u00ae OYA) y el tratamiento de IMEBA\u00ae EX, [&hellip;]","og_url":"https:\/\/imeba.clinic\/de\/cabello\/ex-ff-fusion-facial\/","og_site_name":"Clinicas IMEBA\u00ae","article_publisher":"https:\/\/www.facebook.com\/clinicasimebamallorca","article_modified_time":"2024-07-08T12:10:50+00:00","og_image":[{"width":2000,"height":1334,"url":"http:\/\/imeba.clinic\/wp-content\/uploads\/2023\/01\/PRP-Capilar.jpg","type":"image\/jpeg"}],"twitter_card":"summary_large_image","twitter_site":"@IMEBAInfo","twitter_misc":{"Gesch\u00e4tzte Lesezeit":"3\u00a0Minuten"},"schema":{"@context":"https:\/\/schema.org","@graph":[{"@type":"WebPage","@id":"https:\/\/imeba.clinic\/cabello\/ex-ff-fusion-facial\/","url":"https:\/\/imeba.clinic\/cabello\/ex-ff-fusion-facial\/","name":"IMEBA\u00ae EX FF FUSION FACIAL - Clinicas IMEBA\u00ae","isPartOf":{"@id":"https:\/\/imeba.clinic\/#website"},"primaryImageOfPage":{"@id":"https:\/\/imeba.clinic\/cabello\/ex-ff-fusion-facial\/#primaryimage"},"image":{"@id":"https:\/\/imeba.clinic\/cabello\/ex-ff-fusion-facial\/#primaryimage"},"thumbnailUrl":"https:\/\/imeba.clinic\/wp-content\/uploads\/2023\/01\/PRP-Capilar.jpg","datePublished":"2024-07-02T11:24:04+00:00","dateModified":"2024-07-08T12:10:50+00:00","breadcrumb":{"@id":"https:\/\/imeba.clinic\/cabello\/ex-ff-fusion-facial\/#breadcrumb"},"inLanguage":"de","potentialAction":[{"@type":"ReadAction","target":["https:\/\/imeba.clinic\/cabello\/ex-ff-fusion-facial\/"]}]},{"@type":"ImageObject","inLanguage":"de","@id":"https:\/\/imeba.clinic\/cabello\/ex-ff-fusion-facial\/#primaryimage","url":"https:\/\/imeba.clinic\/wp-content\/uploads\/2023\/01\/PRP-Capilar.jpg","contentUrl":"https:\/\/imeba.clinic\/wp-content\/uploads\/2023\/01\/PRP-Capilar.jpg","width":2000,"height":1334},{"@type":"BreadcrumbList","@id":"https:\/\/imeba.clinic\/cabello\/ex-ff-fusion-facial\/#breadcrumb","itemListElement":[{"@type":"ListItem","position":1,"name":"Portada","item":"https:\/\/imeba.clinic\/"},{"@type":"ListItem","position":2,"name":"Cabello","item":"https:\/\/imeba.clinic\/cabello\/"},{"@type":"ListItem","position":3,"name":"IMEBA\u00ae EX FF FUSION FACIAL"}]},{"@type":"WebSite","@id":"https:\/\/imeba.clinic\/#website","url":"https:\/\/imeba.clinic\/","name":"Clinicas IMEBA\u00ae","description":"Medicina estetica cirugia facial","publisher":{"@id":"https:\/\/imeba.clinic\/#organization"},"potentialAction":[{"@type":"SearchAction","target":{"@type":"EntryPoint","urlTemplate":"https:\/\/imeba.clinic\/?s={search_term_string}"},"query-input":{"@type":"PropertyValueSpecification","valueRequired":true,"valueName":"search_term_string"}}],"inLanguage":"de"},{"@type":"Organization","@id":"https:\/\/imeba.clinic\/#organization","name":"Clinicas IMEBA\u00ae","url":"https:\/\/imeba.clinic\/","logo":{"@type":"ImageObject","inLanguage":"de","@id":"https:\/\/imeba.clinic\/#\/schema\/logo\/image\/","url":"https:\/\/imeba.clinic\/wp-content\/uploads\/2023\/01\/cropped-11722351_740325796094007_2206264894896353109_o.jpg","contentUrl":"https:\/\/imeba.clinic\/wp-content\/uploads\/2023\/01\/cropped-11722351_740325796094007_2206264894896353109_o.jpg","width":1221,"height":349,"caption":"Clinicas IMEBA\u00ae"},"image":{"@id":"https:\/\/imeba.clinic\/#\/schema\/logo\/image\/"},"sameAs":["https:\/\/www.facebook.com\/clinicasimebamallorca","https:\/\/x.com\/IMEBAInfo","https:\/\/www.youtube.com\/@TorstenMarin"]}]}},"_links":{"self":[{"href":"https:\/\/imeba.clinic\/de\/wp-json\/wp\/v2\/pages\/6489","targetHints":{"allow":["GET"]}}],"collection":[{"href":"https:\/\/imeba.clinic\/de\/wp-json\/wp\/v2\/pages"}],"about":[{"href":"https:\/\/imeba.clinic\/de\/wp-json\/wp\/v2\/types\/page"}],"author":[{"embeddable":true,"href":"https:\/\/imeba.clinic\/de\/wp-json\/wp\/v2\/users\/2"}],"replies":[{"embeddable":true,"href":"https:\/\/imeba.clinic\/de\/wp-json\/wp\/v2\/comments?post=6489"}],"version-history":[{"count":0,"href":"https:\/\/imeba.clinic\/de\/wp-json\/wp\/v2\/pages\/6489\/revisions"}],"up":[{"embeddable":true,"href":"https:\/\/imeba.clinic\/de\/wp-json\/wp\/v2\/pages\/1162"}],"wp:featuredmedia":[{"embeddable":true,"href":"https:\/\/imeba.clinic\/de\/wp-json\/wp\/v2\/media\/1172"}],"wp:attachment":[{"href":"https:\/\/imeba.clinic\/de\/wp-json\/wp\/v2\/media?parent=6489"}],"curies":[{"name":"wp","href":"https:\/\/api.w.org\/{rel}","templated":true}]}}