
{"id":1343,"date":"2023-01-15T07:05:35","date_gmt":"2023-01-15T07:05:35","guid":{"rendered":"https:\/\/imeba.clinic\/?page_id=1343"},"modified":"2026-04-16T11:52:06","modified_gmt":"2026-04-16T10:52:06","slug":"prp-facial","status":"publish","type":"page","link":"https:\/\/imeba.clinic\/de\/facial\/prp-facial\/","title":{"rendered":"PRP Gesicht"},"content":{"rendered":"<div data-elementor-type=\"wp-page\" data-elementor-id=\"1343\" class=\"elementor elementor-1343\" data-elementor-post-type=\"page\">\n\t\t\t\t\t\t<section class=\"elementor-section elementor-top-section elementor-element elementor-element-cdaec89 elementor-section-height-min-height elementor-section-boxed elementor-section-height-default elementor-section-items-middle\" data-id=\"cdaec89\" data-element_type=\"section\" data-settings=\"{&quot;background_background&quot;:&quot;classic&quot;,&quot;background_motion_fx_motion_fx_scrolling&quot;:&quot;yes&quot;,&quot;background_motion_fx_translateY_effect&quot;:&quot;yes&quot;,&quot;jet_parallax_layout_list&quot;:[],&quot;background_motion_fx_translateY_speed&quot;:{&quot;unit&quot;:&quot;px&quot;,&quot;size&quot;:4,&quot;sizes&quot;:[]},&quot;background_motion_fx_translateY_affectedRange&quot;:{&quot;unit&quot;:&quot;%&quot;,&quot;size&quot;:&quot;&quot;,&quot;sizes&quot;:{&quot;start&quot;:0,&quot;end&quot;:100}},&quot;background_motion_fx_devices&quot;:[&quot;desktop&quot;,&quot;tablet&quot;,&quot;mobile&quot;]}\">\n\t\t\t\t\t\t\t<div class=\"elementor-background-overlay\"><\/div>\n\t\t\t\t\t\t\t<div class=\"elementor-container elementor-column-gap-default\">\n\t\t\t\t\t<div class=\"elementor-column elementor-col-100 elementor-top-column elementor-element elementor-element-5d0725b\" data-id=\"5d0725b\" data-element_type=\"column\">\n\t\t\t<div class=\"elementor-widget-wrap elementor-element-populated\">\n\t\t\t\t\t\t<div class=\"elementor-element elementor-element-89723c3 elementor-widget elementor-widget-heading\" data-id=\"89723c3\" data-element_type=\"widget\" data-widget_type=\"heading.default\">\n\t\t\t\t\t<h2 class=\"elementor-heading-title elementor-size-default\">Gesicht<\/h2>\t\t\t\t<\/div>\n\t\t\t\t\t<\/div>\n\t\t<\/div>\n\t\t\t\t\t<\/div>\n\t\t<\/section>\n\t\t\t\t<section class=\"elementor-section elementor-top-section elementor-element elementor-element-aa973ff elementor-section-boxed elementor-section-height-default elementor-section-height-default\" data-id=\"aa973ff\" data-element_type=\"section\" data-settings=\"{&quot;jet_parallax_layout_list&quot;:[]}\">\n\t\t\t\t\t\t<div class=\"elementor-container elementor-column-gap-default\">\n\t\t\t\t\t<div class=\"elementor-column elementor-col-50 elementor-top-column elementor-element elementor-element-080133b\" data-id=\"080133b\" data-element_type=\"column\">\n\t\t\t<div class=\"elementor-widget-wrap elementor-element-populated\">\n\t\t\t\t\t\t<div class=\"elementor-element elementor-element-fe70c0b elementor-widget elementor-widget-image\" data-id=\"fe70c0b\" data-element_type=\"widget\" data-widget_type=\"image.default\">\n\t\t\t\t\t\t\t\t\t\t\t\t\t\t\t<img fetchpriority=\"high\" decoding=\"async\" width=\"800\" height=\"508\" src=\"https:\/\/imeba.clinic\/wp-content\/uploads\/2023\/01\/PRP-facial-1024x650.jpg\" class=\"attachment-large size-large wp-image-1534\" alt=\"\" srcset=\"https:\/\/imeba.clinic\/wp-content\/uploads\/2023\/01\/PRP-facial-1024x650.jpg 1024w, https:\/\/imeba.clinic\/wp-content\/uploads\/2023\/01\/PRP-facial-300x190.jpg 300w, https:\/\/imeba.clinic\/wp-content\/uploads\/2023\/01\/PRP-facial-768x488.jpg 768w, https:\/\/imeba.clinic\/wp-content\/uploads\/2023\/01\/PRP-facial-1536x975.jpg 1536w, https:\/\/imeba.clinic\/wp-content\/uploads\/2023\/01\/PRP-facial-2048x1300.jpg 2048w\" sizes=\"(max-width: 800px) 100vw, 800px\" \/>\t\t\t\t\t\t\t\t\t\t\t\t\t\t\t<\/div>\n\t\t\t\t<div class=\"elementor-element elementor-element-9f2fb8d elementor-widget elementor-widget-heading\" data-id=\"9f2fb8d\" data-element_type=\"widget\" data-widget_type=\"heading.default\">\n\t\t\t\t\t<h2 class=\"elementor-heading-title elementor-size-default\">PRP+ F\u00dcR DAS GESICHT MIT HYALURONS\u00c4URE\n<\/h2>\t\t\t\t<\/div>\n\t\t\t\t<div class=\"elementor-element elementor-element-4d0bea5 elementor-widget elementor-widget-text-editor\" data-id=\"4d0bea5\" data-element_type=\"widget\" data-widget_type=\"text-editor.default\">\n\t\t\t\t\t\t\t\t\tPL\u00c4TTCHENREICHES PLASMA ODER PRP VERJ\u00dcNGUNG\t\t\t\t\t\t\t\t<\/div>\n\t\t\t\t<div class=\"elementor-element elementor-element-ed31f67 elementor-widget elementor-widget-text-editor translation-block\" data-id=\"ed31f67\" data-element_type=\"widget\" data-widget_type=\"text-editor.default\">Die innovative Gesamterneuerung f\u00fcr Ihre Haut. <strong>NEU<\/strong>: mit Dichtepl\u00e4ttchen und Hyalurons\u00e4ure<\/div>\n\t\t\t\t<div class=\"elementor-element elementor-element-7dd3ddb elementor-widget elementor-widget-text-editor translation-block\" data-id=\"7dd3ddb\" data-element_type=\"widget\" data-widget_type=\"text-editor.default\">Das <strong>pl\u00e4ttchenreiche Plasma<\/strong> oder <strong>PRP+<\/strong> ist eine der fortschrittlichsten Behandlungen im Bereich der <strong>Gesichtsverj\u00fcngung<\/strong>. Es ist ideal f\u00fcr die F\u00e4lle, in denen Sie das Aussehen der Haut verbessern, ihre <strong>Festigkeit<\/strong> und <strong>Leuchtkraft<\/strong> erh\u00f6hen m\u00f6chten. Sie hat eine sehr <strong>intensive verj\u00fcngende und zellstimulierende Wirkung<\/strong>. Es handelt sich um die neueste risikofreie Technik, die die <strong>Fibroblasten- und Elastinproduktion<\/strong> anregt, um <strong>Falten zu gl\u00e4tten<\/strong>.<\/div>\n\t\t\t\t<div class=\"elementor-element elementor-element-ce1feeb elementor-widget elementor-widget-heading\" data-id=\"ce1feeb\" data-element_type=\"widget\" data-widget_type=\"heading.default\">\n\t\t\t\t\t<h5 class=\"elementor-heading-title elementor-size-default\">Was ist pl\u00e4ttchenreiches Plasma?<\/h5>\t\t\t\t<\/div>\n\t\t\t\t<div class=\"elementor-element elementor-element-14357f4 elementor-widget elementor-widget-text-editor translation-block\" data-id=\"14357f4\" data-element_type=\"widget\" data-widget_type=\"text-editor.default\"><strong>Thrombozyten<\/strong> setzen <strong>Wachstumsfaktoren<\/strong> frei, die im Wesentlichen daf\u00fcr verantwortlich sind, die <strong>Zellregeneration<\/strong> zu stimulieren, die Bildung neuer Blutgef\u00e4\u00dfe zu f\u00f6rdern und neues Gewebe zu produzieren. Mit anderen Worten: Sie aktivieren den Organismus in dem Bereich, in dem sie freigesetzt werden, und helfen dabei, gesch\u00e4digtes Gewebe wieder aufzubauen - ein <strong>Reparatureffekt<\/strong>, der zur Verj\u00fcngung der Haut genutzt wird.<\/div>\n\t\t\t\t<div class=\"elementor-element elementor-element-55bc331 elementor-widget elementor-widget-text-editor\" data-id=\"55bc331\" data-element_type=\"widget\" data-widget_type=\"text-editor.default\">\n\t\t\t\t\t\t\t\t\t<p class=\"translation-block\">Einer der Wachstumsfaktoren, der so genannte <strong>\"epidermale Wachstumsfaktor\"<\/strong>, wurde als erster isoliert: Er stimuliert die Angiogenese und erh\u00f6ht die Dicke der Haut, stellt ihre Elastizit\u00e4t und Festigkeit wieder her und erh\u00f6ht die <strong>Vaskularisierung<\/strong> in dem Bereich, in dem er angewendet wird, beg\u00fcnstigt das Erscheinen neuer Haut, reduziert die Auswirkungen der Zelloxidation und beseitigt Falten. Heute \u00fcberraschen die gro\u00dfartigen Ergebnisse, die mit seiner Anwendung erzielt werden, um die Heilung von Verbrennungen zu beschleunigen, Keloide, Akne und Dehnungsstreifen zu behandeln, die Ergebnisse aller Arten von Behandlungen (einschlie\u00dflich chirurgischer) zu verbessern, die Konsolidierung von Hauttransplantaten zu beg\u00fcnstigen sowie als Anwendung nach einem Peeling oder als Basisbehandlung in Kosmetika, weiterhin die Experten.<\/p>\t\t\t\t\t\t\t\t<\/div>\n\t\t\t\t<div class=\"elementor-element elementor-element-4311285 elementor-widget elementor-widget-text-editor translation-block\" data-id=\"4311285\" data-element_type=\"widget\" data-widget_type=\"text-editor.default\">Es handelt sich um eine <strong>nat\u00fcrliche und physiologische Behandlung, bei der k\u00f6rpereigene Proteine verwendet werden<\/strong>. Ausgew\u00e4hlt und konzentriert, werden sie verwendet, um Sch\u00e4den zu reparieren, die durch den Lauf der Zeit oder durch Sonneneinwirkung entstanden sind. Da es sich um ein Produkt handelt, das vom Patienten selbst stammt, <strong>besteht kein Risiko von Allergien oder Unvertr\u00e4glichkeiten<\/strong>.<\/div>\n\t\t\t\t<div class=\"elementor-element elementor-element-20b850c elementor-widget elementor-widget-heading\" data-id=\"20b850c\" data-element_type=\"widget\" data-widget_type=\"heading.default\">\n\t\t\t\t\t<h5 class=\"elementor-heading-title elementor-size-default\">Wie wird die Verj\u00fcngungsbehandlung mit pl\u00e4ttchenreichem Plasma durchgef\u00fchrt?\n<\/h5>\t\t\t\t<\/div>\n\t\t\t\t<div class=\"elementor-element elementor-element-e436752 elementor-widget__width-initial elementor-widget elementor-widget-text-editor\" data-id=\"e436752\" data-element_type=\"widget\" data-widget_type=\"text-editor.default\">\n\t\t\t\t\t\t\t\t\t<p class=\"translation-block\">Es handelt sich um eine <strong>ambulante Behandlung, die im Sprechzimmer durchgef\u00fchrt wird<\/strong>. Nach der Reinigung und Vorbereitung des zu behandelnden Bereichs wird eine Bet\u00e4ubungscreme aufgetragen. Dem Patienten wird Eigenblut entnommen, aus dem nach Zentrifugieren und Aktivieren das <strong>PRP<\/strong> gewonnen wird. Nach der Aufbereitung wird es in Form einer <strong>Mesotherapie<\/strong> durch mehrere Punktionen mit einer sehr feinen Nadel appliziert.<\/p>\t\t\t\t\t\t\t\t<\/div>\n\t\t\t\t<div class=\"elementor-element elementor-element-8794be8 elementor-widget elementor-widget-text-editor translation-block\" data-id=\"8794be8\" data-element_type=\"widget\" data-widget_type=\"text-editor.default\">Die Anzahl der Sitzungen h\u00e4ngt vom Hautzustand des jeweiligen Patienten ab. In der Regel werden 3 Sitzungen im Abstand von 3 Wochen vorgeschlagen. Ab einem Jahr sollte die Behandlung fortgesetzt werden, d. h. eine Sitzung alle 6 bis 12 Monate. Die Wachstumsfaktoren m\u00fcssen durch Stimulierung des Gewebes wirken, so dass es kein sofortiges Ergebnis gibt. Die <strong>Wirkung stellt sich im Laufe der Tage ein<\/strong> und verst\u00e4rkt sich im Laufe der Tage. <strong>Die Wirkung tritt maximal 20\/30 Tage nach der Behandlung ein<\/strong>.<\/div>\n\t\t\t\t<div class=\"elementor-element elementor-element-7e98c8e elementor-widget elementor-widget-text-editor\" data-id=\"7e98c8e\" data-element_type=\"widget\" data-widget_type=\"text-editor.default\">\n\t\t\t\t\t\t\t\t\t<p>Geeignet f\u00fcr reife Haut mit Anzeichen der Hautalterung oder junge Haut mit Aknenarben.<\/p><p>Die Verj\u00fcngung mit pl\u00e4ttchenreichem Plasma ist eine fortschrittliche Behandlung der \u00e4sthetischen Medizin, mit der unsere Patienten sehr zufrieden sind. Bei Cl\u00ednica IMEBA\u00ae: kostenfreie erste Beratung.<\/p>\t\t\t\t\t\t\t\t<\/div>\n\t\t\t\t\t<\/div>\n\t\t<\/div>\n\t\t\t\t<div class=\"elementor-column elementor-col-50 elementor-top-column elementor-element elementor-element-9c64632\" data-id=\"9c64632\" data-element_type=\"column\">\n\t\t\t<div class=\"elementor-widget-wrap elementor-element-populated\">\n\t\t\t\t\t\t<section class=\"elementor-section elementor-inner-section elementor-element elementor-element-e310a55 elementor-section-boxed elementor-section-height-default elementor-section-height-default\" data-id=\"e310a55\" data-element_type=\"section\" data-settings=\"{&quot;background_background&quot;:&quot;classic&quot;,&quot;sticky&quot;:&quot;top&quot;,&quot;sticky_offset&quot;:120,&quot;sticky_parent&quot;:&quot;yes&quot;,&quot;jet_parallax_layout_list&quot;:[],&quot;sticky_on&quot;:[&quot;desktop&quot;,&quot;tablet&quot;,&quot;mobile&quot;],&quot;sticky_effects_offset&quot;:0,&quot;sticky_anchor_link_offset&quot;:0}\">\n\t\t\t\t\t\t<div class=\"elementor-container elementor-column-gap-default\">\n\t\t\t\t\t<div class=\"elementor-column elementor-col-100 elementor-inner-column elementor-element elementor-element-d3e5035\" data-id=\"d3e5035\" data-element_type=\"column\">\n\t\t\t<div class=\"elementor-widget-wrap elementor-element-populated\">\n\t\t\t\t\t\t<div class=\"elementor-element elementor-element-08d59c7 elementor-widget elementor-widget-heading\" data-id=\"08d59c7\" data-element_type=\"widget\" data-widget_type=\"heading.default\">\n\t\t\t\t\t<h2 class=\"elementor-heading-title elementor-size-default\">Preis<\/h2>\t\t\t\t<\/div>\n\t\t\t\t<div class=\"elementor-element elementor-element-682d356 Price elementor-widget elementor-widget-heading\" data-id=\"682d356\" data-element_type=\"widget\" data-widget_type=\"heading.default\">\n\t\t\t\t\t<h2 class=\"elementor-heading-title elementor-size-default\">200\u20ac<span>\/ Sitzung<\/span><\/h2>\t\t\t\t<\/div>\n\t\t\t\t<div class=\"elementor-element elementor-element-b4ae28f elementor-widget-divider--view-line elementor-widget elementor-widget-divider\" data-id=\"b4ae28f\" data-element_type=\"widget\" data-widget_type=\"divider.default\">\n\t\t\t\t\t\t\t<div class=\"elementor-divider\">\n\t\t\t<span class=\"elementor-divider-separator\">\n\t\t\t\t\t\t<\/span>\n\t\t<\/div>\n\t\t\t\t\t\t<\/div>\n\t\t\t\t<div class=\"elementor-element elementor-element-0fbe56e Price elementor-widget elementor-widget-heading\" data-id=\"0fbe56e\" data-element_type=\"widget\" data-widget_type=\"heading.default\">\n\t\t\t\t\t<h2 class=\"elementor-heading-title elementor-size-default\">550\u20ac<span>\/ 3 Sitzungen<\/span><\/h2>\t\t\t\t<\/div>\n\t\t\t\t<div class=\"elementor-element elementor-element-6aefd75 elementor-widget elementor-widget-text-editor\" data-id=\"6aefd75\" data-element_type=\"widget\" data-widget_type=\"text-editor.default\">\n\t\t\t\t\t\t\t\t\t<p>Wir empfehlen 3 Sitzungen mit einer Pause von 3 Wochen zwischen den einzelnen Sitzungen.<\/p>\t\t\t\t\t\t\t\t<\/div>\n\t\t\t\t<div class=\"elementor-element elementor-element-ff6a9f1 elementor-widget-divider--view-line elementor-widget elementor-widget-divider\" data-id=\"ff6a9f1\" data-element_type=\"widget\" data-widget_type=\"divider.default\">\n\t\t\t\t\t\t\t<div class=\"elementor-divider\">\n\t\t\t<span class=\"elementor-divider-separator\">\n\t\t\t\t\t\t<\/span>\n\t\t<\/div>\n\t\t\t\t\t\t<\/div>\n\t\t\t\t<div class=\"elementor-element elementor-element-08ea01d elementor-widget elementor-widget-text-editor\" data-id=\"08ea01d\" data-element_type=\"widget\" data-widget_type=\"text-editor.default\">\n\t\t\t\t\t\t\t\t\t<p><em>*Alle Behandlungspakete m\u00fcssen innerhalb eines Jahres abgeschlossen werden, da der Anspruch auf die bis zu diesem Zeitpunkt nicht abgeschlossenen Behandlungen nach einem Jahr verf\u00e4llt.<\/em><\/p>\t\t\t\t\t\t\t\t<\/div>\n\t\t\t\t<div class=\"elementor-element elementor-element-782c063 elementor-widget__width-inherit elementor-mobile-align-justify elementor-widget-mobile__width-inherit elementor-tablet-align-justify elementor-widget-tablet__width-inherit elementor-align-justify elementor-widget elementor-widget-button\" data-id=\"782c063\" data-element_type=\"widget\" data-widget_type=\"button.default\">\n\t\t\t\t\t\t\t\t\t\t<a class=\"elementor-button elementor-button-link elementor-size-sm\" href=\"https:\/\/api.whatsapp.com\/send?phone=34653620509&#038;text=Hola%20Cl%C3%ADnicas%20IMEBA,%20ponte%20en%20contacto%20conmigo.%20(PRP%20Facial)%20Muchas%20gracias.%20\">\n\t\t\t\t\t\t<span class=\"elementor-button-content-wrapper\">\n\t\t\t\t\t\t\t\t\t<span class=\"elementor-button-text\">JETZT BUCHEN<\/span>\n\t\t\t\t\t<\/span>\n\t\t\t\t\t<\/a>\n\t\t\t\t\t\t\t\t<\/div>\n\t\t\t\t<div class=\"elementor-element elementor-element-c320b1c elementor-widget elementor-widget-text-editor\" data-id=\"c320b1c\" data-element_type=\"widget\" data-widget_type=\"text-editor.default\">\n\t\t\t\t\t\t\t\t\t<p>F\u00fcr andere Bereiche bieten wir jederzeit eine kostenlose Beratung an!<\/p>\t\t\t\t\t\t\t\t<\/div>\n\t\t\t\t\t<\/div>\n\t\t<\/div>\n\t\t\t\t\t<\/div>\n\t\t<\/section>\n\t\t\t\t\t<\/div>\n\t\t<\/div>\n\t\t\t\t\t<\/div>\n\t\t<\/section>\n\t\t\t\t<\/div>","protected":false},"excerpt":{"rendered":"<p>Facial PRP+ SUPERIOR FACIAL CON \u00c1CIDO HIALUR\u00d3NICO REJUVENECIMIENTO CON PLASMA RICO EN PLAQUETAS O PRPLa innovadora renovaci\u00f3n total para su piel. NUEVO: con plaquetas de densidad y \u00e1cido hialur\u00f3nicoEl\u00a0plasma rico en plaquetas\u00a0o\u00a0PRP+ superior\u00a0es uno de los tratamientos m\u00e1s avanzados que hay en\u00a0rejuvenecimiento facial. Es ideal para aquellos casos en los que se desea mejorar el [&hellip;]<\/p>","protected":false},"author":1,"featured_media":1534,"parent":1327,"menu_order":4,"comment_status":"closed","ping_status":"closed","template":"elementor_header_footer","meta":{"footnotes":""},"class_list":["post-1343","page","type-page","status-publish","has-post-thumbnail","hentry"],"yoast_head":"<!-- This site is optimized with the Yoast SEO plugin v25.8 - https:\/\/yoast.com\/wordpress\/plugins\/seo\/ -->\n<title>PRP Facial - Clinicas IMEBA\u00ae<\/title>\n<meta name=\"robots\" content=\"index, follow, max-snippet:-1, max-image-preview:large, max-video-preview:-1\" \/>\n<link rel=\"canonical\" href=\"https:\/\/imeba.clinic\/de\/facial\/prp-facial\/\" \/>\n<meta property=\"og:locale\" content=\"de_DE\" \/>\n<meta property=\"og:type\" content=\"article\" \/>\n<meta property=\"og:title\" content=\"PRP Facial - Clinicas IMEBA\u00ae\" \/>\n<meta property=\"og:description\" content=\"Facial PRP+ SUPERIOR FACIAL CON \u00c1CIDO HIALUR\u00d3NICO REJUVENECIMIENTO CON PLASMA RICO EN PLAQUETAS O PRPLa innovadora renovaci\u00f3n total para su piel. NUEVO: con plaquetas de densidad y \u00e1cido hialur\u00f3nicoEl\u00a0plasma rico en plaquetas\u00a0o\u00a0PRP+ superior\u00a0es uno de los tratamientos m\u00e1s avanzados que hay en\u00a0rejuvenecimiento facial. Es ideal para aquellos casos en los que se desea mejorar el [&hellip;]\" \/>\n<meta property=\"og:url\" content=\"https:\/\/imeba.clinic\/de\/facial\/prp-facial\/\" \/>\n<meta property=\"og:site_name\" content=\"Clinicas IMEBA\u00ae\" \/>\n<meta property=\"article:publisher\" content=\"https:\/\/www.facebook.com\/clinicasimebamallorca\" \/>\n<meta property=\"article:modified_time\" content=\"2026-04-16T10:52:06+00:00\" \/>\n<meta property=\"og:image\" content=\"http:\/\/imeba.clinic\/wp-content\/uploads\/2023\/01\/PRP-facial.jpg\" \/>\n\t<meta property=\"og:image:width\" content=\"2500\" \/>\n\t<meta property=\"og:image:height\" content=\"1587\" \/>\n\t<meta property=\"og:image:type\" content=\"image\/jpeg\" \/>\n<meta name=\"twitter:card\" content=\"summary_large_image\" \/>\n<meta name=\"twitter:site\" content=\"@IMEBAInfo\" \/>\n<meta name=\"twitter:label1\" content=\"Gesch\u00e4tzte Lesezeit\" \/>\n\t<meta name=\"twitter:data1\" content=\"3\u00a0Minuten\" \/>\n<script type=\"application\/ld+json\" class=\"yoast-schema-graph\">{\"@context\":\"https:\/\/schema.org\",\"@graph\":[{\"@type\":\"WebPage\",\"@id\":\"https:\/\/imeba.clinic\/facial\/prp-facial\/\",\"url\":\"https:\/\/imeba.clinic\/facial\/prp-facial\/\",\"name\":\"PRP Facial - Clinicas IMEBA\u00ae\",\"isPartOf\":{\"@id\":\"https:\/\/imeba.clinic\/#website\"},\"primaryImageOfPage\":{\"@id\":\"https:\/\/imeba.clinic\/facial\/prp-facial\/#primaryimage\"},\"image\":{\"@id\":\"https:\/\/imeba.clinic\/facial\/prp-facial\/#primaryimage\"},\"thumbnailUrl\":\"https:\/\/imeba.clinic\/wp-content\/uploads\/2023\/01\/PRP-facial.jpg\",\"datePublished\":\"2023-01-15T07:05:35+00:00\",\"dateModified\":\"2026-04-16T10:52:06+00:00\",\"breadcrumb\":{\"@id\":\"https:\/\/imeba.clinic\/facial\/prp-facial\/#breadcrumb\"},\"inLanguage\":\"de\",\"potentialAction\":[{\"@type\":\"ReadAction\",\"target\":[\"https:\/\/imeba.clinic\/facial\/prp-facial\/\"]}]},{\"@type\":\"ImageObject\",\"inLanguage\":\"de\",\"@id\":\"https:\/\/imeba.clinic\/facial\/prp-facial\/#primaryimage\",\"url\":\"https:\/\/imeba.clinic\/wp-content\/uploads\/2023\/01\/PRP-facial.jpg\",\"contentUrl\":\"https:\/\/imeba.clinic\/wp-content\/uploads\/2023\/01\/PRP-facial.jpg\",\"width\":2500,\"height\":1587},{\"@type\":\"BreadcrumbList\",\"@id\":\"https:\/\/imeba.clinic\/facial\/prp-facial\/#breadcrumb\",\"itemListElement\":[{\"@type\":\"ListItem\",\"position\":1,\"name\":\"Portada\",\"item\":\"https:\/\/imeba.clinic\/\"},{\"@type\":\"ListItem\",\"position\":2,\"name\":\"Facial\",\"item\":\"https:\/\/imeba.clinic\/facial\/\"},{\"@type\":\"ListItem\",\"position\":3,\"name\":\"PRP Facial\"}]},{\"@type\":\"WebSite\",\"@id\":\"https:\/\/imeba.clinic\/#website\",\"url\":\"https:\/\/imeba.clinic\/\",\"name\":\"Clinicas IMEBA\u00ae\",\"description\":\"Medicina estetica cirugia facial\",\"publisher\":{\"@id\":\"https:\/\/imeba.clinic\/#organization\"},\"potentialAction\":[{\"@type\":\"SearchAction\",\"target\":{\"@type\":\"EntryPoint\",\"urlTemplate\":\"https:\/\/imeba.clinic\/?s={search_term_string}\"},\"query-input\":{\"@type\":\"PropertyValueSpecification\",\"valueRequired\":true,\"valueName\":\"search_term_string\"}}],\"inLanguage\":\"de\"},{\"@type\":\"Organization\",\"@id\":\"https:\/\/imeba.clinic\/#organization\",\"name\":\"Clinicas IMEBA\u00ae\",\"url\":\"https:\/\/imeba.clinic\/\",\"logo\":{\"@type\":\"ImageObject\",\"inLanguage\":\"de\",\"@id\":\"https:\/\/imeba.clinic\/#\/schema\/logo\/image\/\",\"url\":\"https:\/\/imeba.clinic\/wp-content\/uploads\/2023\/01\/cropped-11722351_740325796094007_2206264894896353109_o.jpg\",\"contentUrl\":\"https:\/\/imeba.clinic\/wp-content\/uploads\/2023\/01\/cropped-11722351_740325796094007_2206264894896353109_o.jpg\",\"width\":1221,\"height\":349,\"caption\":\"Clinicas IMEBA\u00ae\"},\"image\":{\"@id\":\"https:\/\/imeba.clinic\/#\/schema\/logo\/image\/\"},\"sameAs\":[\"https:\/\/www.facebook.com\/clinicasimebamallorca\",\"https:\/\/x.com\/IMEBAInfo\",\"https:\/\/www.youtube.com\/@TorstenMarin\"]}]}<\/script>\n<!-- \/ Yoast SEO plugin. -->","yoast_head_json":{"title":"PRP Facial - Clinicas IMEBA\u00ae","robots":{"index":"index","follow":"follow","max-snippet":"max-snippet:-1","max-image-preview":"max-image-preview:large","max-video-preview":"max-video-preview:-1"},"canonical":"https:\/\/imeba.clinic\/de\/facial\/prp-facial\/","og_locale":"de_DE","og_type":"article","og_title":"PRP Facial - Clinicas IMEBA\u00ae","og_description":"Facial PRP+ SUPERIOR FACIAL CON \u00c1CIDO HIALUR\u00d3NICO REJUVENECIMIENTO CON PLASMA RICO EN PLAQUETAS O PRPLa innovadora renovaci\u00f3n total para su piel. NUEVO: con plaquetas de densidad y \u00e1cido hialur\u00f3nicoEl\u00a0plasma rico en plaquetas\u00a0o\u00a0PRP+ superior\u00a0es uno de los tratamientos m\u00e1s avanzados que hay en\u00a0rejuvenecimiento facial. Es ideal para aquellos casos en los que se desea mejorar el [&hellip;]","og_url":"https:\/\/imeba.clinic\/de\/facial\/prp-facial\/","og_site_name":"Clinicas IMEBA\u00ae","article_publisher":"https:\/\/www.facebook.com\/clinicasimebamallorca","article_modified_time":"2026-04-16T10:52:06+00:00","og_image":[{"width":2500,"height":1587,"url":"http:\/\/imeba.clinic\/wp-content\/uploads\/2023\/01\/PRP-facial.jpg","type":"image\/jpeg"}],"twitter_card":"summary_large_image","twitter_site":"@IMEBAInfo","twitter_misc":{"Gesch\u00e4tzte Lesezeit":"3\u00a0Minuten"},"schema":{"@context":"https:\/\/schema.org","@graph":[{"@type":"WebPage","@id":"https:\/\/imeba.clinic\/facial\/prp-facial\/","url":"https:\/\/imeba.clinic\/facial\/prp-facial\/","name":"PRP Facial - Clinicas IMEBA\u00ae","isPartOf":{"@id":"https:\/\/imeba.clinic\/#website"},"primaryImageOfPage":{"@id":"https:\/\/imeba.clinic\/facial\/prp-facial\/#primaryimage"},"image":{"@id":"https:\/\/imeba.clinic\/facial\/prp-facial\/#primaryimage"},"thumbnailUrl":"https:\/\/imeba.clinic\/wp-content\/uploads\/2023\/01\/PRP-facial.jpg","datePublished":"2023-01-15T07:05:35+00:00","dateModified":"2026-04-16T10:52:06+00:00","breadcrumb":{"@id":"https:\/\/imeba.clinic\/facial\/prp-facial\/#breadcrumb"},"inLanguage":"de","potentialAction":[{"@type":"ReadAction","target":["https:\/\/imeba.clinic\/facial\/prp-facial\/"]}]},{"@type":"ImageObject","inLanguage":"de","@id":"https:\/\/imeba.clinic\/facial\/prp-facial\/#primaryimage","url":"https:\/\/imeba.clinic\/wp-content\/uploads\/2023\/01\/PRP-facial.jpg","contentUrl":"https:\/\/imeba.clinic\/wp-content\/uploads\/2023\/01\/PRP-facial.jpg","width":2500,"height":1587},{"@type":"BreadcrumbList","@id":"https:\/\/imeba.clinic\/facial\/prp-facial\/#breadcrumb","itemListElement":[{"@type":"ListItem","position":1,"name":"Portada","item":"https:\/\/imeba.clinic\/"},{"@type":"ListItem","position":2,"name":"Facial","item":"https:\/\/imeba.clinic\/facial\/"},{"@type":"ListItem","position":3,"name":"PRP Facial"}]},{"@type":"WebSite","@id":"https:\/\/imeba.clinic\/#website","url":"https:\/\/imeba.clinic\/","name":"Clinicas IMEBA\u00ae","description":"Medicina estetica cirugia facial","publisher":{"@id":"https:\/\/imeba.clinic\/#organization"},"potentialAction":[{"@type":"SearchAction","target":{"@type":"EntryPoint","urlTemplate":"https:\/\/imeba.clinic\/?s={search_term_string}"},"query-input":{"@type":"PropertyValueSpecification","valueRequired":true,"valueName":"search_term_string"}}],"inLanguage":"de"},{"@type":"Organization","@id":"https:\/\/imeba.clinic\/#organization","name":"Clinicas IMEBA\u00ae","url":"https:\/\/imeba.clinic\/","logo":{"@type":"ImageObject","inLanguage":"de","@id":"https:\/\/imeba.clinic\/#\/schema\/logo\/image\/","url":"https:\/\/imeba.clinic\/wp-content\/uploads\/2023\/01\/cropped-11722351_740325796094007_2206264894896353109_o.jpg","contentUrl":"https:\/\/imeba.clinic\/wp-content\/uploads\/2023\/01\/cropped-11722351_740325796094007_2206264894896353109_o.jpg","width":1221,"height":349,"caption":"Clinicas IMEBA\u00ae"},"image":{"@id":"https:\/\/imeba.clinic\/#\/schema\/logo\/image\/"},"sameAs":["https:\/\/www.facebook.com\/clinicasimebamallorca","https:\/\/x.com\/IMEBAInfo","https:\/\/www.youtube.com\/@TorstenMarin"]}]}},"_links":{"self":[{"href":"https:\/\/imeba.clinic\/de\/wp-json\/wp\/v2\/pages\/1343","targetHints":{"allow":["GET"]}}],"collection":[{"href":"https:\/\/imeba.clinic\/de\/wp-json\/wp\/v2\/pages"}],"about":[{"href":"https:\/\/imeba.clinic\/de\/wp-json\/wp\/v2\/types\/page"}],"author":[{"embeddable":true,"href":"https:\/\/imeba.clinic\/de\/wp-json\/wp\/v2\/users\/1"}],"replies":[{"embeddable":true,"href":"https:\/\/imeba.clinic\/de\/wp-json\/wp\/v2\/comments?post=1343"}],"version-history":[{"count":3,"href":"https:\/\/imeba.clinic\/de\/wp-json\/wp\/v2\/pages\/1343\/revisions"}],"predecessor-version":[{"id":12781,"href":"https:\/\/imeba.clinic\/de\/wp-json\/wp\/v2\/pages\/1343\/revisions\/12781"}],"up":[{"embeddable":true,"href":"https:\/\/imeba.clinic\/de\/wp-json\/wp\/v2\/pages\/1327"}],"wp:featuredmedia":[{"embeddable":true,"href":"https:\/\/imeba.clinic\/de\/wp-json\/wp\/v2\/media\/1534"}],"wp:attachment":[{"href":"https:\/\/imeba.clinic\/de\/wp-json\/wp\/v2\/media?parent=1343"}],"curies":[{"name":"wp","href":"https:\/\/api.w.org\/{rel}","templated":true}]}}